{"id":11572,"date":"2019-11-23T20:23:34","date_gmt":"2019-11-23T19:23:34","guid":{"rendered":"https:\/\/villa-valbonne.nllist\/la-reserve-a-la-plage-ramatuelle-plage-epi\/"},"modified":"2020-01-03T09:32:18","modified_gmt":"2020-01-03T08:32:18","slug":"la-reserve-a-la-plage-ramatuelle-plage-epi","status":"publish","type":"avada_portfolio","link":"https:\/\/villa-valbonne.nl\/en\/list\/la-reserve-a-la-plage-ramatuelle-plage-epi\/","title":{"rendered":"La R\u00e9serve \u00e0 la Plage Ramatuelle Plage Epi"},"content":{"rendered":"<p><div class=\"fusion-fullwidth fullwidth-box fusion-builder-row-1 nonhundred-percent-fullwidth non-hundred-percent-height-scrolling\" style=\"--awb-border-radius-top-left:0px;--awb-border-radius-top-right:0px;--awb-border-radius-bottom-right:0px;--awb-border-radius-bottom-left:0px;--awb-margin-bottom:35px;--awb-flex-wrap:wrap;\" ><div class=\"fusion-builder-row fusion-row\"><div class=\"fusion-layout-column fusion_builder_column fusion-builder-column-0 fusion_builder_column_1_1 1_1 fusion-one-full fusion-column-first fusion-column-last\" style=\"--awb-bg-size:cover;\"><div class=\"fusion-column-wrapper fusion-flex-column-wrapper-legacy\"><div class=\"fusion-text fusion-text-1\"><h1 style=\"text-align: center;\" data-fontsize=\"22\" data-lineheight=\"30\">La R\u00e9serve \u00e0 la Plage Ramatuelle Plage Epi<\/h1>\n<h2 style=\"text-align: center;\" data-fontsize=\"22\" data-lineheight=\"30\">Ramatuelle &#8211; Saint-Tropez<\/h2>\n<\/div><div class=\"fusion-text fusion-text-2\"><p style=\"text-align: center;\">New Beach Club La R\u00e9serve a la Plage &#8211; located on the iconic Pampelonne beach, Michel Reybier gives a new incarnation to his vision of luxury by creating La R\u00e9serve \u00e0 la Plage.<\/p>\n<\/div><div class=\"fusion-sep-clear\"><\/div><div class=\"fusion-separator fusion-has-icon fusion-full-width-sep\" style=\"margin-left: auto;margin-right: auto;margin-top:15px;margin-bottom:25px;width:100%;\"><div class=\"fusion-separator-border sep-single sep-solid\" style=\"--awb-height:20px;--awb-amount:20px;border-color:#e0dede;border-top-width:1px;\"><\/div><span class=\"icon-wrapper\" style=\"border-color:transparent;font-size:14px;width: 1.75em; height: 1.75em;border-width:1px;padding:1px;margin-top:-0.5px\"><i class=\"fa-sun fas\" style=\"font-size: inherit;color:#e0dede;\" aria-hidden=\"true\"><\/i><\/span><div class=\"fusion-separator-border sep-single sep-solid\" style=\"--awb-height:20px;--awb-amount:20px;border-color:#e0dede;border-top-width:1px;\"><\/div><\/div><div class=\"fusion-sep-clear\"><\/div><div class=\"fusion-clearfix\"><\/div><\/div><\/div><\/div><\/div><div class=\"fusion-fullwidth fullwidth-box fusion-builder-row-2 nonhundred-percent-fullwidth non-hundred-percent-height-scrolling fusion-equal-height-columns\" style=\"--awb-border-radius-top-left:0px;--awb-border-radius-top-right:0px;--awb-border-radius-bottom-right:0px;--awb-border-radius-bottom-left:0px;--awb-background-color:#e8e8e8;--awb-flex-wrap:wrap;\" ><div class=\"fusion-builder-row fusion-row\"><div class=\"fusion-layout-column fusion_builder_column fusion-builder-column-1 fusion_builder_column_1_3 1_3 fusion-one-third fusion-column-first\" style=\"--awb-padding-top:35px;--awb-bg-size:cover;width:33.333333333333%;width:calc(33.333333333333% - ( ( 0px + 0px ) * 0.33333333333333 ) );margin-right: 0px;\"><div class=\"fusion-column-wrapper fusion-column-has-shadow fusion-flex-column-wrapper-legacy\"><div class=\"fusion-text fusion-text-3\"><h2>La R\u00e9serve \u00e0 la Plage Ramatuelle Plage Epi<\/h2>\n<p><span class=\"LrzXr\"><span class=\"st\"> Chemin de l&#8217;Epi<br \/>\n<\/span><\/span><span class=\"LrzXr\"><span class=\"st\">83350 Ramatuelle<\/span><\/span><\/p>\n<p><span class=\"st\"> Email: <a href=\"mailto:info@lareserve-plage.com\">info@lareserve-plage.com<\/a><\/span><\/p>\n<h3>Phone number<\/h3>\n<p><a href=\"tel:+33785147290\">+33(0)7 85 14 72 90<\/a><\/p>\n<p>&nbsp;<\/p>\n<\/div><div class=\"fusion-button-wrapper\"><a class=\"fusion-button button-flat button-large button-default fusion-button-default button-1 fusion-button-default-span fusion-button-default-type fusion-animated\" data-animationType=\"zoomInLeft\" data-animationDuration=\"0.3\" data-animationOffset=\"top-into-view\" target=\"_blank\" rel=\"noopener noreferrer\" href=\"https:\/\/www.lareserve-plage.com\/\"><span class=\"fusion-button-icon-divider button-icon-divider-left\"><i class=\"fa-umbrella-beach fas awb-button__icon awb-button__icon--default\" aria-hidden=\"true\"><\/i><\/span><span class=\"fusion-button-text awb-button__text awb-button__text--default fusion-button-text-left\">Website La R\u00e9serve a la Plage<\/span><\/a><\/div><div class=\"fusion-clearfix\"><\/div><\/div><\/div><div class=\"fusion-layout-column fusion_builder_column fusion-builder-column-2 fusion_builder_column_1_3 1_3 fusion-one-third\" style=\"--awb-bg-image:url(&#039;https:\/\/villa-valbonne.nl\/wp-content\/uploads\/2019\/11\/La-Reserve-a-la-Plage-Ramatuelle9.jpg&#039;);--awb-bg-size:cover;width:33.333333333333%;width:calc(33.333333333333% - ( ( 0px + 0px ) * 0.33333333333333 ) );margin-right: 0px;\"><div class=\"fusion-column-wrapper fusion-column-has-shadow fusion-flex-column-wrapper-legacy fusion-empty-column-bg-image fusion-column-has-bg-image\" data-bg-url=\"https:\/\/villa-valbonne.nl\/wp-content\/uploads\/2019\/11\/La-Reserve-a-la-Plage-Ramatuelle9.jpg\"><img decoding=\"async\" class=\"fusion-empty-dims-img-placeholder fusion-no-large-visibility\" alt=\"La Reserve a la Plage Ramatuelle\" aria-label=\"La Reserve a la Plage Ramatuelle\" src=\"data:image\/svg+xml,%3Csvg%20xmlns%3D%27http%3A%2F%2Fwww.w3.org%2F2000%2Fsvg%27%20width%3D%27960%27%20height%3D%27639%27%20viewBox%3D%270%200%20960%20639%27%3E%3Crect%20width%3D%27960%27%20height%3D%27639%27%20fill-opacity%3D%220%22%2F%3E%3C%2Fsvg%3E\"><div class=\"fusion-clearfix\"><\/div><\/div><\/div><div class=\"fusion-layout-column fusion_builder_column fusion-builder-column-3 fusion_builder_column_1_3 1_3 fusion-one-third fusion-column-last\" style=\"--awb-bg-size:cover;width:33.333333333333%;width:calc(33.333333333333% - ( ( 0px + 0px ) * 0.33333333333333 ) );\"><div class=\"fusion-column-wrapper fusion-column-has-shadow fusion-flex-column-wrapper-legacy\">\t\t\t\t\t<script type=\"text\/javascript\">\n\t\t\t\t\t\tvar map_fusion_map_69f1f4ed16f35;\n\t\t\t\t\t\tvar markers = [];\n\t\t\t\t\t\tvar counter = 0;\n\t\t\t\t\t\t\t\t\t\t\t\t\t\t\t\t\t\t\t\tvar fusionMapNonce = '1b5138d807';\n\t\t\t\t\t\t\t\t\t\t\t\tfunction fusion_run_map_fusion_map_69f1f4ed16f35() {\n\t\t\t\t\t\t\tjQuery ('#fusion_map_69f1f4ed16f35' ).fusion_maps( {\n\t\t\t\t\t\t\t\taddresses: [{\"address\":\"La R\\u00e9serve \\u00e0 la Plage, Route de l\\u2019Epi-Pampelonne, 83350 Ramatuelle , France\",\"infobox_content\":\"La R\\u00e9serve \\u00e0 la Plage, Route de l\\u2019Epi-Pampelonne, 83350 Ramatuelle , France\",\"coordinates\":false,\"cache\":true,\"latitude\":\"43.2216051\",\"longitude\":\"6.661985899999991\"}],\n\t\t\t\t\t\t\t\tanimations: false,\n\t\t\t\t\t\t\t\tinfobox_background_color: '',\n\t\t\t\t\t\t\t\tinfobox_styling: 'default',\n\t\t\t\t\t\t\t\tinfobox_text_color: '',\n\t\t\t\t\t\t\t\tmap_style: 'default',\n\t\t\t\t\t\t\t\tmap_type: 'roadmap',\n\t\t\t\t\t\t\t\tmarker_icon: '',\n\t\t\t\t\t\t\t\toverlay_color: '',\n\t\t\t\t\t\t\t\toverlay_color_hsl: {\"hue\":0,\"sat\":0,\"lum\":100},\n\t\t\t\t\t\t\t\tshow_address: true,\n\t\t\t\t\t\t\t\tscale_control: true,\n\t\t\t\t\t\t\t\tscrollwheel: true,\n\t\t\t\t\t\t\t\tzoom: 14,\n\t\t\t\t\t\t\t\tzoom_control: true,\n\t\t\t\t\t\t\t} );\n\t\t\t\t\t\t}\n\n\t\t\t\t\t\tgoogle.maps.event.addDomListener(window, 'load', fusion_run_map_fusion_map_69f1f4ed16f35);\n\t\t\t\t\t<\/script>\n\t\t\t\t\t<div class=\"shortcode-map fusion-google-map fusion-maps-js-type\" style=\"--awb-height:400px;\" id=\"fusion_map_69f1f4ed16f35\"><\/div><div class=\"fusion-clearfix\"><\/div><\/div><\/div><\/div><\/div><div class=\"fusion-fullwidth fullwidth-box fusion-builder-row-3 nonhundred-percent-fullwidth non-hundred-percent-height-scrolling\" style=\"--awb-border-radius-top-left:0px;--awb-border-radius-top-right:0px;--awb-border-radius-bottom-right:0px;--awb-border-radius-bottom-left:0px;--awb-flex-wrap:wrap;\" ><div class=\"fusion-builder-row fusion-row\"><div class=\"fusion-layout-column fusion_builder_column fusion-builder-column-4 fusion_builder_column_1_1 1_1 fusion-one-full fusion-column-first fusion-column-last\" style=\"--awb-bg-size:cover;\"><div class=\"fusion-column-wrapper fusion-column-has-shadow fusion-flex-column-wrapper-legacy\"><div class=\"awb-gallery-wrapper awb-gallery-wrapper-1 button-span-no\" data-limit=\"10\" data-page=\"1\"><div style=\"margin:-5px;--awb-bordersize:0px;\" class=\"fusion-gallery fusion-gallery-container fusion-grid-3 fusion-columns-total-10 fusion-gallery-layout-masonry fusion-gallery-1\"><div class=\"fusion-grid-column fusion-gallery-column fusion-gallery-column-3 hover-type-none fusion-grid-sizer\"><\/div><div style=\"padding:5px;\" class=\"fusion-grid-column fusion-gallery-column fusion-gallery-column-3 hover-type-none fusion-element-landscape\"><div class=\"fusion-gallery-image\"><a href=\"https:\/\/villa-valbonne.nl\/wp-content\/uploads\/2019\/11\/La-Reserve-a-la-Plage-Ramatuelle9.jpg\" rel=\"noreferrer\" data-rel=\"iLightbox[gallery_image_1]\" class=\"fusion-lightbox\" target=\"_self\"><div style=\"background-image:url(https:\/\/villa-valbonne.nl\/wp-content\/uploads\/2019\/11\/La-Reserve-a-la-Plage-Ramatuelle9.jpg);padding-top:calc((100% + 10px) * 0.4 - 5px);background-position:;\" class=\"fusion-masonry-element-container\"><img decoding=\"async\" src=\"https:\/\/villa-valbonne.nl\/wp-content\/uploads\/2019\/11\/La-Reserve-a-la-Plage-Ramatuelle9.jpg\" width=\"960\" height=\"639\" alt=\"La Reserve a la Plage Ramatuelle\" title=\"La Reserve a la Plage Ramatuelle\" aria-label=\"La Reserve a la Plage Ramatuelle\" class=\"img-responsive wp-image-11569\" srcset=\"https:\/\/villa-valbonne.nl\/wp-content\/uploads\/2019\/11\/La-Reserve-a-la-Plage-Ramatuelle9-200x133.jpg 200w, https:\/\/villa-valbonne.nl\/wp-content\/uploads\/2019\/11\/La-Reserve-a-la-Plage-Ramatuelle9-400x266.jpg 400w, https:\/\/villa-valbonne.nl\/wp-content\/uploads\/2019\/11\/La-Reserve-a-la-Plage-Ramatuelle9-600x399.jpg 600w, https:\/\/villa-valbonne.nl\/wp-content\/uploads\/2019\/11\/La-Reserve-a-la-Plage-Ramatuelle9-800x533.jpg 800w, https:\/\/villa-valbonne.nl\/wp-content\/uploads\/2019\/11\/La-Reserve-a-la-Plage-Ramatuelle9.jpg 960w\" sizes=\"(min-width: 2200px) 100vw, (min-width: 640px) 1920px, \" \/><\/div><\/a><\/div><\/div><div style=\"padding:5px;\" class=\"fusion-grid-column fusion-gallery-column fusion-gallery-column-3 hover-type-none fusion-element-landscape\"><div class=\"fusion-gallery-image\"><a href=\"https:\/\/villa-valbonne.nl\/wp-content\/uploads\/2019\/11\/La-Reserve-a-la-Plage-Ramatuelle8.jpg\" rel=\"noreferrer\" data-rel=\"iLightbox[gallery_image_1]\" class=\"fusion-lightbox\" target=\"_self\"><div style=\"background-image:url(https:\/\/villa-valbonne.nl\/wp-content\/uploads\/2019\/11\/La-Reserve-a-la-Plage-Ramatuelle8.jpg);padding-top:calc((100% + 10px) * 0.4 - 5px);background-position:;\" class=\"fusion-masonry-element-container\"><img decoding=\"async\" src=\"https:\/\/villa-valbonne.nl\/wp-content\/uploads\/2019\/11\/La-Reserve-a-la-Plage-Ramatuelle8.jpg\" width=\"960\" height=\"639\" alt=\"La Reserve a la Plage Ramatuelle\" title=\"La Reserve a la Plage Ramatuelle\" aria-label=\"La Reserve a la Plage Ramatuelle\" class=\"img-responsive wp-image-11567\" srcset=\"https:\/\/villa-valbonne.nl\/wp-content\/uploads\/2019\/11\/La-Reserve-a-la-Plage-Ramatuelle8-200x133.jpg 200w, https:\/\/villa-valbonne.nl\/wp-content\/uploads\/2019\/11\/La-Reserve-a-la-Plage-Ramatuelle8-400x266.jpg 400w, https:\/\/villa-valbonne.nl\/wp-content\/uploads\/2019\/11\/La-Reserve-a-la-Plage-Ramatuelle8-600x399.jpg 600w, https:\/\/villa-valbonne.nl\/wp-content\/uploads\/2019\/11\/La-Reserve-a-la-Plage-Ramatuelle8-800x533.jpg 800w, https:\/\/villa-valbonne.nl\/wp-content\/uploads\/2019\/11\/La-Reserve-a-la-Plage-Ramatuelle8.jpg 960w\" sizes=\"(min-width: 2200px) 100vw, (min-width: 640px) 1920px, \" \/><\/div><\/a><\/div><\/div><div style=\"padding:5px;\" class=\"fusion-grid-column fusion-gallery-column fusion-gallery-column-3 hover-type-none fusion-element-landscape\"><div class=\"fusion-gallery-image\"><a href=\"https:\/\/villa-valbonne.nl\/wp-content\/uploads\/2019\/11\/La-Reserve-a-la-Plage-Ramatuelle7.jpg\" rel=\"noreferrer\" data-rel=\"iLightbox[gallery_image_1]\" class=\"fusion-lightbox\" target=\"_self\"><div style=\"background-image:url(https:\/\/villa-valbonne.nl\/wp-content\/uploads\/2019\/11\/La-Reserve-a-la-Plage-Ramatuelle7.jpg);padding-top:calc((100% + 10px) * 0.4 - 5px);background-position:;\" class=\"fusion-masonry-element-container\"><img decoding=\"async\" src=\"https:\/\/villa-valbonne.nl\/wp-content\/uploads\/2019\/11\/La-Reserve-a-la-Plage-Ramatuelle7.jpg\" width=\"960\" height=\"639\" alt=\"La Reserve a la Plage Ramatuelle\" title=\"La Reserve a la Plage Ramatuelle\" aria-label=\"La Reserve a la Plage Ramatuelle\" class=\"img-responsive wp-image-11565\" srcset=\"https:\/\/villa-valbonne.nl\/wp-content\/uploads\/2019\/11\/La-Reserve-a-la-Plage-Ramatuelle7-200x133.jpg 200w, https:\/\/villa-valbonne.nl\/wp-content\/uploads\/2019\/11\/La-Reserve-a-la-Plage-Ramatuelle7-400x266.jpg 400w, https:\/\/villa-valbonne.nl\/wp-content\/uploads\/2019\/11\/La-Reserve-a-la-Plage-Ramatuelle7-600x399.jpg 600w, https:\/\/villa-valbonne.nl\/wp-content\/uploads\/2019\/11\/La-Reserve-a-la-Plage-Ramatuelle7-800x533.jpg 800w, https:\/\/villa-valbonne.nl\/wp-content\/uploads\/2019\/11\/La-Reserve-a-la-Plage-Ramatuelle7.jpg 960w\" sizes=\"(min-width: 2200px) 100vw, (min-width: 640px) 1920px, \" \/><\/div><\/a><\/div><\/div><div style=\"padding:5px;\" class=\"fusion-grid-column fusion-gallery-column fusion-gallery-column-3 hover-type-none fusion-element-landscape\"><div class=\"fusion-gallery-image\"><a href=\"https:\/\/villa-valbonne.nl\/wp-content\/uploads\/2019\/11\/La-Reserve-a-la-Plage-Ramatuelle6.jpg\" rel=\"noreferrer\" data-rel=\"iLightbox[gallery_image_1]\" class=\"fusion-lightbox\" target=\"_self\"><div style=\"background-image:url(https:\/\/villa-valbonne.nl\/wp-content\/uploads\/2019\/11\/La-Reserve-a-la-Plage-Ramatuelle6.jpg);padding-top:calc((100% + 10px) * 0.4 - 5px);background-position:;\" class=\"fusion-masonry-element-container\"><img decoding=\"async\" src=\"https:\/\/villa-valbonne.nl\/wp-content\/uploads\/2019\/11\/La-Reserve-a-la-Plage-Ramatuelle6.jpg\" width=\"960\" height=\"639\" alt=\"La Reserve a la Plage Ramatuelle\" title=\"La Reserve a la Plage Ramatuelle\" aria-label=\"La Reserve a la Plage Ramatuelle\" class=\"img-responsive wp-image-11563\" srcset=\"https:\/\/villa-valbonne.nl\/wp-content\/uploads\/2019\/11\/La-Reserve-a-la-Plage-Ramatuelle6-200x133.jpg 200w, https:\/\/villa-valbonne.nl\/wp-content\/uploads\/2019\/11\/La-Reserve-a-la-Plage-Ramatuelle6-400x266.jpg 400w, https:\/\/villa-valbonne.nl\/wp-content\/uploads\/2019\/11\/La-Reserve-a-la-Plage-Ramatuelle6-600x399.jpg 600w, https:\/\/villa-valbonne.nl\/wp-content\/uploads\/2019\/11\/La-Reserve-a-la-Plage-Ramatuelle6-800x533.jpg 800w, https:\/\/villa-valbonne.nl\/wp-content\/uploads\/2019\/11\/La-Reserve-a-la-Plage-Ramatuelle6.jpg 960w\" sizes=\"(min-width: 2200px) 100vw, (min-width: 640px) 1920px, \" \/><\/div><\/a><\/div><\/div><div style=\"padding:5px;\" class=\"fusion-grid-column fusion-gallery-column fusion-gallery-column-3 hover-type-none fusion-element-landscape\"><div class=\"fusion-gallery-image\"><a href=\"https:\/\/villa-valbonne.nl\/wp-content\/uploads\/2019\/11\/La-Reserve-a-la-Plage-Ramatuelle5.jpg\" rel=\"noreferrer\" data-rel=\"iLightbox[gallery_image_1]\" class=\"fusion-lightbox\" target=\"_self\"><div style=\"background-image:url(https:\/\/villa-valbonne.nl\/wp-content\/uploads\/2019\/11\/La-Reserve-a-la-Plage-Ramatuelle5.jpg);padding-top:calc((100% + 10px) * 0.4 - 5px);background-position:;\" class=\"fusion-masonry-element-container\"><img decoding=\"async\" src=\"https:\/\/villa-valbonne.nl\/wp-content\/uploads\/2019\/11\/La-Reserve-a-la-Plage-Ramatuelle5.jpg\" width=\"960\" height=\"639\" alt=\"La Reserve a la Plage Ramatuelle\" title=\"La Reserve a la Plage Ramatuelle\" aria-label=\"La Reserve a la Plage Ramatuelle\" class=\"img-responsive wp-image-11561\" srcset=\"https:\/\/villa-valbonne.nl\/wp-content\/uploads\/2019\/11\/La-Reserve-a-la-Plage-Ramatuelle5-200x133.jpg 200w, https:\/\/villa-valbonne.nl\/wp-content\/uploads\/2019\/11\/La-Reserve-a-la-Plage-Ramatuelle5-400x266.jpg 400w, https:\/\/villa-valbonne.nl\/wp-content\/uploads\/2019\/11\/La-Reserve-a-la-Plage-Ramatuelle5-600x399.jpg 600w, https:\/\/villa-valbonne.nl\/wp-content\/uploads\/2019\/11\/La-Reserve-a-la-Plage-Ramatuelle5-800x533.jpg 800w, https:\/\/villa-valbonne.nl\/wp-content\/uploads\/2019\/11\/La-Reserve-a-la-Plage-Ramatuelle5.jpg 960w\" sizes=\"(min-width: 2200px) 100vw, (min-width: 640px) 1920px, \" \/><\/div><\/a><\/div><\/div><div style=\"padding:5px;\" class=\"fusion-grid-column fusion-gallery-column fusion-gallery-column-3 hover-type-none fusion-element-landscape\"><div class=\"fusion-gallery-image\"><a href=\"https:\/\/villa-valbonne.nl\/wp-content\/uploads\/2019\/11\/La-Reserve-a-la-Plage-Ramatuelle4.jpg\" rel=\"noreferrer\" data-rel=\"iLightbox[gallery_image_1]\" class=\"fusion-lightbox\" target=\"_self\"><div style=\"background-image:url(https:\/\/villa-valbonne.nl\/wp-content\/uploads\/2019\/11\/La-Reserve-a-la-Plage-Ramatuelle4.jpg);padding-top:calc((100% + 10px) * 0.4 - 5px);background-position:;\" class=\"fusion-masonry-element-container\"><img decoding=\"async\" src=\"https:\/\/villa-valbonne.nl\/wp-content\/uploads\/2019\/11\/La-Reserve-a-la-Plage-Ramatuelle4.jpg\" width=\"960\" height=\"540\" alt=\"La Reserve a la Plage Ramatuelle\" title=\"La Reserve a la Plage Ramatuelle\" aria-label=\"La Reserve a la Plage Ramatuelle\" class=\"img-responsive wp-image-11559\" srcset=\"https:\/\/villa-valbonne.nl\/wp-content\/uploads\/2019\/11\/La-Reserve-a-la-Plage-Ramatuelle4-200x113.jpg 200w, https:\/\/villa-valbonne.nl\/wp-content\/uploads\/2019\/11\/La-Reserve-a-la-Plage-Ramatuelle4-400x225.jpg 400w, https:\/\/villa-valbonne.nl\/wp-content\/uploads\/2019\/11\/La-Reserve-a-la-Plage-Ramatuelle4-600x338.jpg 600w, https:\/\/villa-valbonne.nl\/wp-content\/uploads\/2019\/11\/La-Reserve-a-la-Plage-Ramatuelle4-800x450.jpg 800w, https:\/\/villa-valbonne.nl\/wp-content\/uploads\/2019\/11\/La-Reserve-a-la-Plage-Ramatuelle4.jpg 960w\" sizes=\"(min-width: 2200px) 100vw, (min-width: 640px) 1920px, \" \/><\/div><\/a><\/div><\/div><div style=\"padding:5px;\" class=\"fusion-grid-column fusion-gallery-column fusion-gallery-column-3 hover-type-none fusion-element-grid\"><div class=\"fusion-gallery-image\"><a href=\"https:\/\/villa-valbonne.nl\/wp-content\/uploads\/2019\/11\/La-Reserve-a-la-Plage-Ramatuelle3.jpg\" rel=\"noreferrer\" data-rel=\"iLightbox[gallery_image_1]\" class=\"fusion-lightbox\" target=\"_self\"><div style=\"background-image:url(https:\/\/villa-valbonne.nl\/wp-content\/uploads\/2019\/11\/La-Reserve-a-la-Plage-Ramatuelle3.jpg);padding-top:calc((100% + 10px) * 0.8 - 5px);background-position:;\" class=\"fusion-masonry-element-container\"><img decoding=\"async\" src=\"https:\/\/villa-valbonne.nl\/wp-content\/uploads\/2019\/11\/La-Reserve-a-la-Plage-Ramatuelle3.jpg\" width=\"768\" height=\"960\" alt=\"La Reserve a la Plage Ramatuelle\" title=\"La Reserve a la Plage Ramatuelle\" aria-label=\"La Reserve a la Plage Ramatuelle\" class=\"img-responsive wp-image-11557\" srcset=\"https:\/\/villa-valbonne.nl\/wp-content\/uploads\/2019\/11\/La-Reserve-a-la-Plage-Ramatuelle3-200x250.jpg 200w, https:\/\/villa-valbonne.nl\/wp-content\/uploads\/2019\/11\/La-Reserve-a-la-Plage-Ramatuelle3-400x500.jpg 400w, https:\/\/villa-valbonne.nl\/wp-content\/uploads\/2019\/11\/La-Reserve-a-la-Plage-Ramatuelle3-600x750.jpg 600w, https:\/\/villa-valbonne.nl\/wp-content\/uploads\/2019\/11\/La-Reserve-a-la-Plage-Ramatuelle3.jpg 768w\" sizes=\"(min-width: 2200px) 100vw, (min-width: 784px) 637px, (min-width: 712px) 784px, (min-width: 640px) 712px, \" \/><\/div><\/a><\/div><\/div><div style=\"padding:5px;\" class=\"fusion-grid-column fusion-gallery-column fusion-gallery-column-3 hover-type-none fusion-element-landscape\"><div class=\"fusion-gallery-image\"><a href=\"https:\/\/villa-valbonne.nl\/wp-content\/uploads\/2019\/11\/La-Reserve-a-la-Plage-Ramatuelle2.jpg\" rel=\"noreferrer\" data-rel=\"iLightbox[gallery_image_1]\" class=\"fusion-lightbox\" target=\"_self\"><div style=\"background-image:url(https:\/\/villa-valbonne.nl\/wp-content\/uploads\/2019\/11\/La-Reserve-a-la-Plage-Ramatuelle2.jpg);padding-top:calc((100% + 10px) * 0.4 - 5px);background-position:;\" class=\"fusion-masonry-element-container\"><img decoding=\"async\" src=\"https:\/\/villa-valbonne.nl\/wp-content\/uploads\/2019\/11\/La-Reserve-a-la-Plage-Ramatuelle2.jpg\" width=\"960\" height=\"639\" alt=\"La Reserve a la Plage Ramatuelle\" title=\"La Reserve a la Plage Ramatuelle\" aria-label=\"La Reserve a la Plage Ramatuelle\" class=\"img-responsive wp-image-11555\" srcset=\"https:\/\/villa-valbonne.nl\/wp-content\/uploads\/2019\/11\/La-Reserve-a-la-Plage-Ramatuelle2-200x133.jpg 200w, https:\/\/villa-valbonne.nl\/wp-content\/uploads\/2019\/11\/La-Reserve-a-la-Plage-Ramatuelle2-400x266.jpg 400w, https:\/\/villa-valbonne.nl\/wp-content\/uploads\/2019\/11\/La-Reserve-a-la-Plage-Ramatuelle2-600x399.jpg 600w, https:\/\/villa-valbonne.nl\/wp-content\/uploads\/2019\/11\/La-Reserve-a-la-Plage-Ramatuelle2-800x533.jpg 800w, https:\/\/villa-valbonne.nl\/wp-content\/uploads\/2019\/11\/La-Reserve-a-la-Plage-Ramatuelle2.jpg 960w\" sizes=\"(min-width: 2200px) 100vw, (min-width: 640px) 1920px, \" \/><\/div><\/a><\/div><\/div><div style=\"padding:5px;\" class=\"fusion-grid-column fusion-gallery-column fusion-gallery-column-3 hover-type-none fusion-element-grid\"><div class=\"fusion-gallery-image\"><a href=\"https:\/\/villa-valbonne.nl\/wp-content\/uploads\/2019\/11\/La-Reserve-a-la-Plage-Ramatuelle1.jpg\" rel=\"noreferrer\" data-rel=\"iLightbox[gallery_image_1]\" class=\"fusion-lightbox\" target=\"_self\"><div style=\"background-image:url(https:\/\/villa-valbonne.nl\/wp-content\/uploads\/2019\/11\/La-Reserve-a-la-Plage-Ramatuelle1.jpg);padding-top:calc((100% + 10px) * 0.8 - 5px);background-position:;\" class=\"fusion-masonry-element-container\"><img decoding=\"async\" src=\"https:\/\/villa-valbonne.nl\/wp-content\/uploads\/2019\/11\/La-Reserve-a-la-Plage-Ramatuelle1.jpg\" width=\"320\" height=\"480\" alt=\"La Reserve a la Plage Ramatuelle\" title=\"La Reserve a la Plage Ramatuelle\" aria-label=\"La Reserve a la Plage Ramatuelle\" class=\"img-responsive wp-image-11553\" srcset=\"https:\/\/villa-valbonne.nl\/wp-content\/uploads\/2019\/11\/La-Reserve-a-la-Plage-Ramatuelle1-200x300.jpg 200w, https:\/\/villa-valbonne.nl\/wp-content\/uploads\/2019\/11\/La-Reserve-a-la-Plage-Ramatuelle1.jpg 320w\" sizes=\"(min-width: 2200px) 100vw, (min-width: 784px) 637px, (min-width: 712px) 784px, (min-width: 640px) 712px, \" \/><\/div><\/a><\/div><\/div><div style=\"padding:5px;\" class=\"fusion-grid-column fusion-gallery-column fusion-gallery-column-3 hover-type-none fusion-element-grid\"><div class=\"fusion-gallery-image\"><a href=\"https:\/\/villa-valbonne.nl\/wp-content\/uploads\/2019\/11\/La-Reserve-a-la-Plage-Ramatuelle.jpg\" rel=\"noreferrer\" data-rel=\"iLightbox[gallery_image_1]\" class=\"fusion-lightbox\" target=\"_self\"><div style=\"background-image:url(https:\/\/villa-valbonne.nl\/wp-content\/uploads\/2019\/11\/La-Reserve-a-la-Plage-Ramatuelle.jpg);padding-top:calc((100% + 10px) * 0.8 - 5px);background-position:;\" class=\"fusion-masonry-element-container\"><img decoding=\"async\" src=\"https:\/\/villa-valbonne.nl\/wp-content\/uploads\/2019\/11\/La-Reserve-a-la-Plage-Ramatuelle.jpg\" width=\"640\" height=\"427\" alt=\"La Reserve a la Plage Ramatuelle\" title=\"La Reserve a la Plage Ramatuelle\" aria-label=\"La Reserve a la Plage Ramatuelle\" class=\"img-responsive wp-image-11551\" srcset=\"https:\/\/villa-valbonne.nl\/wp-content\/uploads\/2019\/11\/La-Reserve-a-la-Plage-Ramatuelle-200x133.jpg 200w, https:\/\/villa-valbonne.nl\/wp-content\/uploads\/2019\/11\/La-Reserve-a-la-Plage-Ramatuelle-400x267.jpg 400w, https:\/\/villa-valbonne.nl\/wp-content\/uploads\/2019\/11\/La-Reserve-a-la-Plage-Ramatuelle-600x400.jpg 600w, https:\/\/villa-valbonne.nl\/wp-content\/uploads\/2019\/11\/La-Reserve-a-la-Plage-Ramatuelle.jpg 640w\" sizes=\"(min-width: 2200px) 100vw, (min-width: 784px) 637px, (min-width: 712px) 784px, (min-width: 640px) 712px, \" \/><\/div><\/a><\/div><\/div><\/div><\/div><div class=\"fusion-clearfix\"><\/div><\/div><\/div><\/div><\/div><\/p>\n","protected":false},"excerpt":{"rendered":"","protected":false},"author":4,"featured_media":11552,"menu_order":10,"comment_status":"closed","ping_status":"closed","template":"","format":"standard","meta":{"footnotes":""},"portfolio_category":[836],"portfolio_skills":[],"portfolio_tags":[843,850,874,512,844],"class_list":["post-11572","avada_portfolio","type-avada_portfolio","status-publish","format-standard","has-post-thumbnail","hentry","portfolio_category-beach-clubs-en","portfolio_tags-beach-club-en","portfolio_tags-beach-club-pampelonne-plage-en","portfolio_tags-la-reserve-a-la-plage-en","portfolio_tags-ramatuelle-en","portfolio_tags-st-tropez-en"],"yoast_head":"<!-- This site is optimized with the Yoast SEO plugin v27.5 - https:\/\/yoast.com\/product\/yoast-seo-wordpress\/ -->\n<title>La R\u00e9serve \u00e0 la Plage Ramatuelle Plage Epi<\/title>\n<meta name=\"description\" content=\"New Beach Club La R\u00e9serve a la Plage - located on the iconic Pampelonne beach. Michel Reybier&#039;s vision of luxury. Mediterranean cuisine.\" \/>\n<meta name=\"robots\" content=\"index, follow, max-snippet:-1, max-image-preview:large, max-video-preview:-1\" \/>\n<link rel=\"canonical\" href=\"https:\/\/villa-valbonne.nl\/en\/list\/la-reserve-a-la-plage-ramatuelle-plage-epi\/\" \/>\n<meta property=\"og:locale\" content=\"en_US\" \/>\n<meta property=\"og:type\" content=\"article\" \/>\n<meta property=\"og:title\" content=\"La R\u00e9serve \u00e0 la Plage Ramatuelle Plage Epi\" \/>\n<meta property=\"og:description\" content=\"New Beach Club La R\u00e9serve a la Plage - located on the iconic Pampelonne beach. Michel Reybier&#039;s vision of luxury. Mediterranean cuisine.\" \/>\n<meta property=\"og:url\" content=\"https:\/\/villa-valbonne.nl\/en\/list\/la-reserve-a-la-plage-ramatuelle-plage-epi\/\" \/>\n<meta property=\"og:site_name\" content=\"Villa Valbonne\" \/>\n<meta property=\"article:publisher\" content=\"https:\/\/www.facebook.com\/vakantiehuisvillavalbonne\/?ref=nf\" \/>\n<meta property=\"article:modified_time\" content=\"2020-01-03T08:32:18+00:00\" \/>\n<meta property=\"og:image\" content=\"https:\/\/villa-valbonne.nl\/wp-content\/uploads\/2019\/11\/La-Reserve-a-la-Plage-Ramatuelle.jpg\" \/>\n\t<meta property=\"og:image:width\" content=\"640\" \/>\n\t<meta property=\"og:image:height\" content=\"427\" \/>\n\t<meta property=\"og:image:type\" content=\"image\/jpeg\" \/>\n<meta name=\"twitter:card\" content=\"summary_large_image\" \/>\n<meta name=\"twitter:label1\" content=\"Est. reading time\" \/>\n\t<meta name=\"twitter:data1\" content=\"9 minutes\" \/>\n<script type=\"application\/ld+json\" class=\"yoast-schema-graph\">{\"@context\":\"https:\\\/\\\/schema.org\",\"@graph\":[{\"@type\":\"WebPage\",\"@id\":\"https:\\\/\\\/villa-valbonne.nl\\\/en\\\/list\\\/la-reserve-a-la-plage-ramatuelle-plage-epi\\\/\",\"url\":\"https:\\\/\\\/villa-valbonne.nl\\\/en\\\/list\\\/la-reserve-a-la-plage-ramatuelle-plage-epi\\\/\",\"name\":\"La R\u00e9serve \u00e0 la Plage Ramatuelle Plage Epi\",\"isPartOf\":{\"@id\":\"https:\\\/\\\/villa-valbonne.nl\\\/en\\\/#website\"},\"primaryImageOfPage\":{\"@id\":\"https:\\\/\\\/villa-valbonne.nl\\\/en\\\/list\\\/la-reserve-a-la-plage-ramatuelle-plage-epi\\\/#primaryimage\"},\"image\":{\"@id\":\"https:\\\/\\\/villa-valbonne.nl\\\/en\\\/list\\\/la-reserve-a-la-plage-ramatuelle-plage-epi\\\/#primaryimage\"},\"thumbnailUrl\":\"https:\\\/\\\/villa-valbonne.nl\\\/wp-content\\\/uploads\\\/2019\\\/11\\\/La-Reserve-a-la-Plage-Ramatuelle.jpg\",\"datePublished\":\"2019-11-23T19:23:34+00:00\",\"dateModified\":\"2020-01-03T08:32:18+00:00\",\"description\":\"New Beach Club La R\u00e9serve a la Plage - located on the iconic Pampelonne beach. Michel Reybier's vision of luxury. Mediterranean cuisine.\",\"breadcrumb\":{\"@id\":\"https:\\\/\\\/villa-valbonne.nl\\\/en\\\/list\\\/la-reserve-a-la-plage-ramatuelle-plage-epi\\\/#breadcrumb\"},\"inLanguage\":\"en-US\",\"potentialAction\":[{\"@type\":\"ReadAction\",\"target\":[\"https:\\\/\\\/villa-valbonne.nl\\\/en\\\/list\\\/la-reserve-a-la-plage-ramatuelle-plage-epi\\\/\"]}]},{\"@type\":\"ImageObject\",\"inLanguage\":\"en-US\",\"@id\":\"https:\\\/\\\/villa-valbonne.nl\\\/en\\\/list\\\/la-reserve-a-la-plage-ramatuelle-plage-epi\\\/#primaryimage\",\"url\":\"https:\\\/\\\/villa-valbonne.nl\\\/wp-content\\\/uploads\\\/2019\\\/11\\\/La-Reserve-a-la-Plage-Ramatuelle.jpg\",\"contentUrl\":\"https:\\\/\\\/villa-valbonne.nl\\\/wp-content\\\/uploads\\\/2019\\\/11\\\/La-Reserve-a-la-Plage-Ramatuelle.jpg\",\"width\":640,\"height\":427,\"caption\":\"La Reserve a la Plage Ramatuelle\"},{\"@type\":\"BreadcrumbList\",\"@id\":\"https:\\\/\\\/villa-valbonne.nl\\\/en\\\/list\\\/la-reserve-a-la-plage-ramatuelle-plage-epi\\\/#breadcrumb\",\"itemListElement\":[{\"@type\":\"ListItem\",\"position\":1,\"name\":\"Home\",\"item\":\"https:\\\/\\\/villa-valbonne.nl\\\/en\\\/\"},{\"@type\":\"ListItem\",\"position\":2,\"name\":\"Portfolio\",\"item\":\"https:\\\/\\\/villa-valbonne.nl\\\/en\\\/list\\\/\"},{\"@type\":\"ListItem\",\"position\":3,\"name\":\"La R\u00e9serve \u00e0 la Plage Ramatuelle Plage Epi\"}]},{\"@type\":\"WebSite\",\"@id\":\"https:\\\/\\\/villa-valbonne.nl\\\/en\\\/#website\",\"url\":\"https:\\\/\\\/villa-valbonne.nl\\\/en\\\/\",\"name\":\"Villa Valbonne\",\"description\":\"Villa Valbonne (12km Cannes)\",\"potentialAction\":[{\"@type\":\"SearchAction\",\"target\":{\"@type\":\"EntryPoint\",\"urlTemplate\":\"https:\\\/\\\/villa-valbonne.nl\\\/en\\\/?s={search_term_string}\"},\"query-input\":{\"@type\":\"PropertyValueSpecification\",\"valueRequired\":true,\"valueName\":\"search_term_string\"}}],\"inLanguage\":\"en-US\"}]}<\/script>\n<!-- \/ Yoast SEO plugin. -->","yoast_head_json":{"title":"La R\u00e9serve \u00e0 la Plage Ramatuelle Plage Epi","description":"New Beach Club La R\u00e9serve a la Plage - located on the iconic Pampelonne beach. Michel Reybier's vision of luxury. Mediterranean cuisine.","robots":{"index":"index","follow":"follow","max-snippet":"max-snippet:-1","max-image-preview":"max-image-preview:large","max-video-preview":"max-video-preview:-1"},"canonical":"https:\/\/villa-valbonne.nl\/en\/list\/la-reserve-a-la-plage-ramatuelle-plage-epi\/","og_locale":"en_US","og_type":"article","og_title":"La R\u00e9serve \u00e0 la Plage Ramatuelle Plage Epi","og_description":"New Beach Club La R\u00e9serve a la Plage - located on the iconic Pampelonne beach. Michel Reybier's vision of luxury. Mediterranean cuisine.","og_url":"https:\/\/villa-valbonne.nl\/en\/list\/la-reserve-a-la-plage-ramatuelle-plage-epi\/","og_site_name":"Villa Valbonne","article_publisher":"https:\/\/www.facebook.com\/vakantiehuisvillavalbonne\/?ref=nf","article_modified_time":"2020-01-03T08:32:18+00:00","og_image":[{"width":640,"height":427,"url":"https:\/\/villa-valbonne.nl\/wp-content\/uploads\/2019\/11\/La-Reserve-a-la-Plage-Ramatuelle.jpg","type":"image\/jpeg"}],"twitter_card":"summary_large_image","twitter_misc":{"Est. reading time":"9 minutes"},"schema":{"@context":"https:\/\/schema.org","@graph":[{"@type":"WebPage","@id":"https:\/\/villa-valbonne.nl\/en\/list\/la-reserve-a-la-plage-ramatuelle-plage-epi\/","url":"https:\/\/villa-valbonne.nl\/en\/list\/la-reserve-a-la-plage-ramatuelle-plage-epi\/","name":"La R\u00e9serve \u00e0 la Plage Ramatuelle Plage Epi","isPartOf":{"@id":"https:\/\/villa-valbonne.nl\/en\/#website"},"primaryImageOfPage":{"@id":"https:\/\/villa-valbonne.nl\/en\/list\/la-reserve-a-la-plage-ramatuelle-plage-epi\/#primaryimage"},"image":{"@id":"https:\/\/villa-valbonne.nl\/en\/list\/la-reserve-a-la-plage-ramatuelle-plage-epi\/#primaryimage"},"thumbnailUrl":"https:\/\/villa-valbonne.nl\/wp-content\/uploads\/2019\/11\/La-Reserve-a-la-Plage-Ramatuelle.jpg","datePublished":"2019-11-23T19:23:34+00:00","dateModified":"2020-01-03T08:32:18+00:00","description":"New Beach Club La R\u00e9serve a la Plage - located on the iconic Pampelonne beach. Michel Reybier's vision of luxury. Mediterranean cuisine.","breadcrumb":{"@id":"https:\/\/villa-valbonne.nl\/en\/list\/la-reserve-a-la-plage-ramatuelle-plage-epi\/#breadcrumb"},"inLanguage":"en-US","potentialAction":[{"@type":"ReadAction","target":["https:\/\/villa-valbonne.nl\/en\/list\/la-reserve-a-la-plage-ramatuelle-plage-epi\/"]}]},{"@type":"ImageObject","inLanguage":"en-US","@id":"https:\/\/villa-valbonne.nl\/en\/list\/la-reserve-a-la-plage-ramatuelle-plage-epi\/#primaryimage","url":"https:\/\/villa-valbonne.nl\/wp-content\/uploads\/2019\/11\/La-Reserve-a-la-Plage-Ramatuelle.jpg","contentUrl":"https:\/\/villa-valbonne.nl\/wp-content\/uploads\/2019\/11\/La-Reserve-a-la-Plage-Ramatuelle.jpg","width":640,"height":427,"caption":"La Reserve a la Plage Ramatuelle"},{"@type":"BreadcrumbList","@id":"https:\/\/villa-valbonne.nl\/en\/list\/la-reserve-a-la-plage-ramatuelle-plage-epi\/#breadcrumb","itemListElement":[{"@type":"ListItem","position":1,"name":"Home","item":"https:\/\/villa-valbonne.nl\/en\/"},{"@type":"ListItem","position":2,"name":"Portfolio","item":"https:\/\/villa-valbonne.nl\/en\/list\/"},{"@type":"ListItem","position":3,"name":"La R\u00e9serve \u00e0 la Plage Ramatuelle Plage Epi"}]},{"@type":"WebSite","@id":"https:\/\/villa-valbonne.nl\/en\/#website","url":"https:\/\/villa-valbonne.nl\/en\/","name":"Villa Valbonne","description":"Villa Valbonne (12km Cannes)","potentialAction":[{"@type":"SearchAction","target":{"@type":"EntryPoint","urlTemplate":"https:\/\/villa-valbonne.nl\/en\/?s={search_term_string}"},"query-input":{"@type":"PropertyValueSpecification","valueRequired":true,"valueName":"search_term_string"}}],"inLanguage":"en-US"}]}},"_links":{"self":[{"href":"https:\/\/villa-valbonne.nl\/en\/wp-json\/wp\/v2\/avada_portfolio\/11572","targetHints":{"allow":["GET"]}}],"collection":[{"href":"https:\/\/villa-valbonne.nl\/en\/wp-json\/wp\/v2\/avada_portfolio"}],"about":[{"href":"https:\/\/villa-valbonne.nl\/en\/wp-json\/wp\/v2\/types\/avada_portfolio"}],"author":[{"embeddable":true,"href":"https:\/\/villa-valbonne.nl\/en\/wp-json\/wp\/v2\/users\/4"}],"replies":[{"embeddable":true,"href":"https:\/\/villa-valbonne.nl\/en\/wp-json\/wp\/v2\/comments?post=11572"}],"version-history":[{"count":0,"href":"https:\/\/villa-valbonne.nl\/en\/wp-json\/wp\/v2\/avada_portfolio\/11572\/revisions"}],"wp:featuredmedia":[{"embeddable":true,"href":"https:\/\/villa-valbonne.nl\/en\/wp-json\/wp\/v2\/media\/11552"}],"wp:attachment":[{"href":"https:\/\/villa-valbonne.nl\/en\/wp-json\/wp\/v2\/media?parent=11572"}],"wp:term":[{"taxonomy":"portfolio_category","embeddable":true,"href":"https:\/\/villa-valbonne.nl\/en\/wp-json\/wp\/v2\/portfolio_category?post=11572"},{"taxonomy":"portfolio_skills","embeddable":true,"href":"https:\/\/villa-valbonne.nl\/en\/wp-json\/wp\/v2\/portfolio_skills?post=11572"},{"taxonomy":"portfolio_tags","embeddable":true,"href":"https:\/\/villa-valbonne.nl\/en\/wp-json\/wp\/v2\/portfolio_tags?post=11572"}],"curies":[{"name":"wp","href":"https:\/\/api.w.org\/{rel}","templated":true}]}}